{"id":222,"date":"2023-01-06T21:37:53","date_gmt":"2023-01-06T21:37:53","guid":{"rendered":"https:\/\/viresz.hu\/?page_id=222"},"modified":"2023-01-11T18:58:34","modified_gmt":"2023-01-11T16:58:34","slug":"adatkezelesi-tajekoztato-2","status":"publish","type":"page","link":"https:\/\/viresz.hu\/en\/kapcsolat\/adatkezelesi-tajekoztato-2\/","title":{"rendered":"Privacy Policy"},"content":{"rendered":"<p>Jelen t\u00e1j\u00e9koztat\u00f3 c\u00e9lja, hogy a weboldal felhaszn\u00e1l\u00f3i \u00e1ltal, az oldal haszn\u00e1lata sor\u00e1n megadott \u00e9s a weboldal \u00fczemeltet\u0151je \u00e1ltal kezelt szem\u00e9lyes adatok \u00e9s egy\u00e9b adatok kezel\u00e9s\u00e9re vonatkoz\u00f3 elveket \u00e9s szab\u00e1lyokat meghat\u00e1rozza.<\/p>\n\n\n\n<p>A jelen adatkezel\u00e9si t\u00e1j\u00e9koztat\u00f3 a <em><strong>viresz.hu<\/strong><\/em> weboldalon a felhaszn\u00e1l\u00f3k \u00e1ltal \u00f6nk\u00e9ntes hozz\u00e1j\u00e1rul\u00e1ssal megadott adatok t\u00e1rol\u00e1s\u00e1ra \u00e9s kezel\u00e9s\u00e9re vonatkozik.<\/p>\n\n\n\n<p>A szem\u00e9lyes adatok kezel\u00e9s\u00e9t az adatkezel\u0151 az al\u00e1bbi alapelvek betart\u00e1sa mellett v\u00e9gzi:<\/p>\n\n\n\n<p>a) Szem\u00e9lyes adat kiz\u00e1r\u00f3lag meghat\u00e1rozott c\u00e9lb\u00f3l, jog gyakorl\u00e1sa \u00e9s k\u00f6telezetts\u00e9g teljes\u00edt\u00e9se \u00e9rdek\u00e9ben kezelhet\u0151. Az adatkezel\u00e9snek minden szakasz\u00e1ban meg kell felelnie az adatkezel\u00e9s c\u00e9lj\u00e1nak, az adatok felv\u00e9tel\u00e9nek \u00e9s kezel\u00e9s\u00e9nek tisztess\u00e9gesnek \u00e9s t\u00f6rv\u00e9nyesnek kell lennie.<\/p>\n\n\n\n<p>b) Csak olyan szem\u00e9lyes adat kezelhet\u0151, amely az adatkezel\u00e9s c\u00e9lj\u00e1nak megval\u00f3sul\u00e1s\u00e1hoz elengedhetetlen, a c\u00e9l el\u00e9r\u00e9s\u00e9re alkalmas. A szem\u00e9lyes adat csak a c\u00e9l megval\u00f3sul\u00e1s\u00e1hoz sz\u00fcks\u00e9ges m\u00e9rt\u00e9kben \u00e9s ideig kezelhet\u0151.<\/p>\n\n\n\n<p>c) A szem\u00e9lyes adat az adatkezel\u00e9s sor\u00e1n mindaddig meg\u0151rzi e min\u0151s\u00e9g\u00e9t, am\u00edg kapcsolata az \u00e9rintettel helyre\u00e1ll\u00edthat\u00f3. Az \u00e9rintettel akkor helyre\u00e1ll\u00edthat\u00f3 a kapcsolat, ha az adatkezel\u0151 rendelkezik azokkal a technikai felt\u00e9telekkel, amelyek a helyre\u00e1ll\u00edt\u00e1shoz sz\u00fcks\u00e9gesek.<\/p>\n\n\n\n<p>d) Az adatkezel\u00e9s sor\u00e1n biztos\u00edtani kell az adatok pontoss\u00e1g\u00e1t, teljess\u00e9g\u00e9t \u00e9s \u2013 ha az adatkezel\u00e9s c\u00e9lj\u00e1ra tekintettel sz\u00fcks\u00e9ges \u2013 naprak\u00e9szs\u00e9g\u00e9t, valamint azt, hogy az \u00e9rintettet csak az adatkezel\u00e9s c\u00e9lj\u00e1hoz sz\u00fcks\u00e9ges ideig lehessen azonos\u00edtani.<\/p>\n\n\n\n<p>A <strong><em>viresz.hu<\/em><\/strong> honlap \u00fczemeltet\u0151je, <strong>Adatkezel\u0151:<\/strong> VIRESZ Villamosipari \u00e9s Rendezv\u00e9nytechnikai Szolg\u00e1ltat\u00f3 KFT.<\/p>\n\n\n\n<p><strong>Sz\u00e9khely \u00e9s levelez\u00e9si c\u00edm:<\/strong> 1195 Budapest, T\u00f3th \u00c1rp\u00e1d utca 11.<\/p>\n\n\n\n<p><strong>Telefonsz\u00e1m:<\/strong> +36 20 595 5217<\/p>\n\n\n\n<p><strong>Email c\u00edm:<\/strong> info@viresz.hu<\/p>\n\n\n\n<p><strong>2. Az adatkezel\u00e9s c\u00e9lja<\/strong> a T\u00e1rsas\u00e1g kereskedelmi tev\u00e9kenys\u00e9g\u00e9nek folytat\u00e1sa \u00e9s annak el\u0151seg\u00edt\u00e9se, term\u00e9k, szolg\u00e1ltat\u00e1s \u00e9rt\u00e9kes\u00edt\u00e9s \u00e9s term\u00e9kekkel kapcsolatos szolg\u00e1ltat\u00e1sok kifejt\u00e9se, a szerz\u0151d\u00e9sek teljes\u00edt\u00e9se, a szerz\u0151d\u00e9sekb\u0151l fakad\u00f3 jogok \u00e9rv\u00e9nyes\u00edt\u00e9se \u00e9s a k\u00f6telezetts\u00e9gek teljes\u00edt\u00e9se a vonatkoz\u00f3 jogszab\u00e1lyoknak megfelel\u0151en. Az <strong>adatkezel\u00e9s jogalapja<\/strong> f\u0151 szab\u00e1ly szerint a megb\u00edz\u00e1s teljes\u00edt\u00e9s\u00e9vel \u00f6sszef\u00fcgg\u00e9sben az Eur\u00f3pai Parlament \u00e9s a Tan\u00e1cs (EU) 2016\/679 rendelete (2016. \u00e1prilis 27.) a term\u00e9szetes szem\u00e9lyeknek a szem\u00e9lyes adatok kezel\u00e9se tekintet\u00e9ben t\u00f6rt\u00e9n\u0151 v\u00e9delm\u00e9r\u0151l \u00e9s az ilyen adatok szabad \u00e1raml\u00e1s\u00e1r\u00f3l, valamint a 95\/46\/EK rendelet hat\u00e1lyon k\u00edv\u00fcl helyez\u00e9s\u00e9r\u0151l \u2013 a tov\u00e1bbiakban <em>GDPR \u2013 6. cikk (1) bekezd\u00e9s b) pontja<\/em>.<\/p>\n\n\n\n<p>A megb\u00edz\u00e1s teljes\u00edt\u00e9s\u00e9hez sz\u00fcks\u00e9ges m\u00e9rt\u00e9kben \u00e9s id\u0151tartamban harmadik szem\u00e9lyek adatait az adatkezel\u0151 a <em>GDPR 6. cikk (1) bekezd\u00e9s f) pontja<\/em> alapj\u00e1n kezeli.<\/p>\n\n\n\n<p><strong>Az egyes megb\u00edz\u00e1si jogviszonyokban<\/strong> kezelt adatok k\u00f6r\u00e9r\u0151l az Adatkezel\u0151 az adott megb\u00edz\u00e1si <strong>jogviszony l\u00e9tes\u00edt\u00e9sekor t\u00e1j\u00e9koztatja az \u00fcgyfeleket.<\/strong><\/p>\n\n\n\n<p>4. Adatkezel\u00e9s <strong>id\u0151tartama:<\/strong> az adatokat az egyes iratok meg\u0151rz\u00e9s\u00e9re vonatkoz\u00f3 jogszab\u00e1lyi rendelkez\u00e9sekben foglaltaknak megfelel\u0151 ideig kezeli, erre vonatkoz\u00f3an az Adatkezel\u0151 t\u00e1j\u00e9koztat\u00e1st a megb\u00edz\u00e1si jogviszony l\u00e9trej\u00f6ttekor ny\u00fajt az \u00fcgyfelek r\u00e9sz\u00e9re.<\/p>\n\n\n\n<p>A kapcsolattart\u00e1s c\u00e9lj\u00e1b\u00f3l kezelt adatokat a kapcsolattart\u00e1snak az Adatkezel\u0151 sz\u00e1nd\u00e9ka szerinti megsz\u00fcntet\u00e9s\u00e9ig, vagy addig az id\u0151pontig kezeli az Adatkezel\u0151 am\u00edg az \u00e9rintett k\u00e9ri a szem\u00e9lyes adatainak a t\u00f6rl\u00e9s\u00e9t (visszavonja a hozz\u00e1j\u00e1rul\u00e1s\u00e1t).<\/p>\n\n\n\n<p>Az Adatkezel\u0151 az \u00e9rintett szem\u00e9lyes adatait, amennyiben megb\u00edz\u00e1si jogviszony nem j\u00f6n l\u00e9tre, legfeljebb hat h\u00f3napig kezeli.<\/p>\n\n\n\n<p>5. Az Adatkezel\u0151 mindent megtesz annak \u00e9rdek\u00e9ben, hogy a tudom\u00e1s\u00e1ra jutott szem\u00e9lyes adatokat a legnagyobb k\u00f6r\u00fcltekint\u00e9ssel \u00e9s bizalmasan kezelje GDPR-ben, az egyes vonatkoz\u00f3 magyar jogszab\u00e1lyokban \u00e9s a jelen t\u00e1j\u00e9koztat\u00f3ban foglaltaknak megfelel\u0151en.<\/p>\n\n\n\n<p><strong>6. A www.viresz.hu honlap l\u00e1togat\u00e1sa sor\u00e1n felmer\u00fcl\u0151 adatkezel\u00e9sek<\/strong><\/p>\n\n\n\n<p>Az Adatkezel\u0151 \u00e1ltal fenntartott honlaphoz b\u00e1rki szem\u00e9lyes adatai k\u00f6zl\u00e9se, valamint kil\u00e9te felfed\u00e9se n\u00e9lk\u00fcl hozz\u00e1f\u00e9rhet, szabadon \u00e9s korl\u00e1toz\u00e1s mentesen szerezhet inform\u00e1ci\u00f3kat az azokon t\u00e1rolt valamennyi tartalomb\u00f3l.<\/p>\n\n\n\n<p><strong>A honlapon szerepl\u0151 linkek egy r\u00e9sze m\u00e1s \u00e1ltal \u00fczemeltetett honlapokra vezethet, azok tartalm\u00e1\u00e9rt azonban az adatkezel\u0151 semmilyen felel\u0151ss\u00e9get nem v\u00e1llal b\u00e1rmely, ezen inform\u00e1ci\u00f3k haszn\u00e1lat\u00e1b\u00f3l ered\u0151 k\u00e1r bek\u00f6vetkez\u00e9se eset\u00e9n.<\/strong><\/p>\n\n\n\n<p><strong>6.1 S\u00fctik (cookie-k)<\/strong><\/p>\n\n\n\n<p>Az Adatkezel\u0151 a honlapon s\u00fctiket haszn\u00e1l a honlap l\u00e1togat\u00e1s\u00e1val kapcsolatos adatok gy\u0171jt\u00e9se \u00e9rdek\u00e9ben. A s\u00fcti a webszerver \u00e1ltal k\u00fcld\u00f6tt, v\u00e1ltoz\u00f3 tartalm\u00fa, alfanumerikus inform\u00e1ci\u00f3 csomag, mely a l\u00e1togat\u00f3 sz\u00e1m\u00edt\u00f3g\u00e9p\u00e9n r\u00f6gz\u00fcl \u00e9s el\u0151re meghat\u00e1rozott \u00e9rv\u00e9nyess\u00e9gi ideig t\u00e1rol\u00e1sra ker\u00fcl.<\/p>\n\n\n\n<p>Az Adatkezel\u0151 a honlapon kiz\u00e1r\u00f3lag sz\u00fcks\u00e9ges munkamenet s\u00fctiket haszn\u00e1l, mely a honlap m\u0171k\u00f6d\u00e9s\u00e9nek felt\u00e9tele.<\/p>\n\n\n\n<p><strong>6.2 Hogyan ellen\u0151rizheti \u00e9s hogyan tudja kikapcsolnia a s\u00fctiket?<\/strong><\/p>\n\n\n\n<p>Minden modern b\u00f6ng\u00e9sz\u0151 enged\u00e9lyezi a s\u00fctik be\u00e1ll\u00edt\u00e1s\u00e1nak a v\u00e1ltoztat\u00e1s\u00e1t. A legt\u00f6bb b\u00f6ng\u00e9sz\u0151 alap\u00e9rtelmezettk\u00e9nt automatikusan elfogadja a s\u00fctiket, de ezek \u00e1ltal\u00e1ban megv\u00e1ltoztathat\u00f3ak, hogy megakad\u00e1lyozza az automatikus elfogad\u00e1st \u00e9s minden alkalommal felaj\u00e1nlja a v\u00e1laszt\u00e1s lehet\u0151s\u00e9g\u00e9t, hogy szeretne vagy nem s\u00fctiket enged\u00e9lyezni.<\/p>\n\n\n\n<p>Felh\u00edvjuk figyelm\u00e9t, hogy mivel a s\u00fctik c\u00e9lja weboldalunk haszn\u00e1lhat\u00f3s\u00e1g\u00e1nak \u00e9s folyamatainak megk\u00f6nny\u00edt\u00e9se vagy lehet\u0151v\u00e9 t\u00e9tele, a cookie-k alkalmaz\u00e1s\u00e1nak megakad\u00e1lyoz\u00e1sa vagy t\u00f6rl\u00e9se \u00e1ltal el\u0151fordulhat, hogy felhaszn\u00e1l\u00f3ink nem lesznek k\u00e9pesek weboldalunk funkci\u00f3inak teljes k\u00f6r\u0171 haszn\u00e1lat\u00e1ra, illetve hogy a weboldal a tervezett\u0151l elt\u00e9r\u0151en fog m\u0171k\u00f6dni b\u00f6ng\u00e9sz\u0151j\u00e9ben.<\/p>\n\n\n\n<p><strong>A legn\u00e9pszer\u0171bb b\u00f6ng\u00e9sz\u0151k s\u00fcti be\u00e1ll\u00edt\u00e1sair\u00f3l az al\u00e1bbi linkeken t\u00e1j\u00e9koz\u00f3dhat:<\/strong><\/p>\n\n\n\n<p><a href=\"https:\/\/support.google.com\/accounts\/answer\/61416?hl=hu\">Google Chrome<\/a><\/p>\n\n\n\n<p><a href=\"https:\/\/support.mozilla.org\/hu\/kb\/S\u00fctik%20kezel\u00e9se\">Firefox<\/a><\/p>\n\n\n\n<p><a href=\"http:\/\/windows.microsoft.com\/hu-hu\/internet-explorer\/delete-manage-cookies#ie=ie-11\">Internet Explorer 11<\/a><\/p>\n\n\n\n<p><a href=\"http:\/\/windows.microsoft.com\/hu-hu\/internet-explorer\/delete-manage-cookies#ie=ie-10\">Internet Explorer 10<\/a><\/p>\n\n\n\n<p><a href=\"http:\/\/windows.microsoft.com\/hu-hu\/internet-explorer\/delete-manage-cookies#ie=ie-10\">Opera: http:\/\/help.opera.com\/opera\/Windows\/2256\/en\/controlPages.html#manageCookies.<\/a><\/p>\n\n\n\n<p><strong>6.3 A Honlapon haszn\u00e1lt \u00fan. \u201eGoogle reCAPTCHA\u201d<\/strong><\/p>\n\n\n\n<p>A Honlap a \u201eKapcsolat\u201d f\u00fcl alatt haszn\u00e1lja a Google Inc. (1600 Amphitheatre Parkway, Mountain View, CA 94043, USA, a tov\u00e1bbiakban: \u201e<strong>Google<\/strong>\u201d) szolg\u00e1ltat\u00e1s\u00e1t, az \u00fan. \u201eGoogle reCAPTCHA\u201d funkci\u00f3t annak \u00e9rdek\u00e9ben, hogy az automata rendszerek vagy robotok (botok) \u00e1ltali \u00fczenetk\u00fcld\u00e9st megakad\u00e1lyozza, \u00e9s \u00edgy az \u00fan. SPAM \u00fczeneteket kisz\u0171rje.<\/p>\n\n\n\n<p>B\u0151vebb inform\u00e1ci\u00f3t ezen adatkezel\u00e9sr\u0151l a Google adatv\u00e9delmi szab\u00e1lyzat\u00e1ban tal\u00e1l: <a href=\"https:\/\/policies.google.com\/privacy?hl=hu\">https:\/\/policies.google.com\/privacy?hl=hu<\/a>.<\/p>\n\n\n\n<p>Tov\u00e1bbi t\u00e1j\u00e9koztat\u00e1s itt \u00e9rthet\u0151 el: <a href=\"https:\/\/developers.google.com\/recaptcha\">https:\/\/developers.google.com\/recaptcha<\/a>.<\/p>\n\n\n\n<p><em><strong>7. T\u00e1j\u00e9koztat\u00e1s adatfeldolgoz\u00f3r\u00f3l:<\/strong><\/em><\/p>\n\n\n\n<p>T\u00e1rhelyszolg\u00e1ltat\u00f3:<\/p>\n\n\n\n<p>N\u00e9v: Rackhost Zrt. <br>Sz\u00e9khely: 6722 Szeged, Tisza Lajos k\u00f6r\u00fat 41. <br>Email: info@rackhost.hu <br>Telefon: +36 1 445 1200 <br>Honlap: <a href=\"https:\/\/www.rackhost.hu\">www.rackhost.hu<\/a><\/p>\n\n\n\n<p><em><strong>8. \u00c9rintetti jogok, jog\u00e9rv\u00e9nyes\u00edt\u00e9s \u00e9s panaszkezel\u00e9s:<\/strong><\/em><\/p>\n\n\n\n<p>Az \u00e9rintett \u00edr\u00e1sban t\u00e1j\u00e9koztat\u00e1st k\u00e9rhet az Adatkezel\u0151t\u0151l arr\u00f3l, hogy milyen szem\u00e9lyes adatait, milyen jogalapon, milyen adatkezel\u00e9si c\u00e9lb\u00f3l, mennyi ideig kezeli, valamint az Adatkezel\u0151 kinek, mikor, milyen jogalap szerint, mely szem\u00e9lyes adat\u00e1hoz biztos\u00edtott hozz\u00e1f\u00e9r\u00e9st vagy kinek tov\u00e1bb\u00edtotta a szem\u00e9lyes adatait. Az Adatkezel\u0151 az \u00e9rintett k\u00e9relm\u00e9t legfeljebb egy h\u00f3napon bel\u00fcl teljes\u00edti.<\/p>\n\n\n\n<p>Ha a szem\u00e9lyes adat a val\u00f3s\u00e1gnak nem felel meg, k\u00e9rhet\u0151 annak helyesb\u00edt\u00e9se, amennyiben a val\u00f3s\u00e1gnak megfelel\u0151 szem\u00e9lyes adat a rendelkez\u00e9sre \u00e1ll.<\/p>\n\n\n\n<p>Az Adatkezel\u0151 a k\u00e9relmet legfeljebb harminc napon bel\u00fcl teljes\u00edti.<\/p>\n\n\n\n<p>Az \u00e9rintett szem\u00e9ly a t\u00f6rl\u00e9st az Adatkezel\u0151h\u00f6z beny\u00fajtott \u00edr\u00e1sbeli k\u00e9relemmel kezdem\u00e9nyezheti. A t\u00f6rl\u00e9si k\u00e9relmet az Adatkezel\u0151 abban az esetben utas\u00edtja el, ha a szem\u00e9lyes adatok tov\u00e1bbi t\u00e1rol\u00e1sa az Adatkezel\u0151re vonatkoz\u00f3 jogi k\u00f6telezetts\u00e9gen alapul. Ilyen eset p\u00e9ld\u00e1ul az, ha sz\u00e1mviteli jogszab\u00e1lyok \u00e1ltal el\u0151\u00edrt hat\u00e1rid\u0151 nem telt le. Amennyiben azonban nincs ilyen k\u00f6telezetts\u00e9g, akkor az Adatkezel\u0151 a t\u00f6rl\u00e9si k\u00e9relmet legfeljebb harminc napon bel\u00fcl teljes\u00edti.<\/p>\n\n\n\n<p>Az \u00e9rintett szem\u00e9ly \u00edr\u00e1sban k\u00e9rheti, hogy a szem\u00e9lyes adatait az Adatkezel\u0151 z\u00e1rolja (az adatkezel\u00e9s korl\u00e1tozott jelleg\u00e9nek egy\u00e9rtelm\u0171 jel\u00f6l\u00e9s\u00e9vel \u00e9s az egy\u00e9b adatokt\u00f3l elk\u00fcl\u00f6n\u00edtett kezel\u00e9s biztos\u00edt\u00e1s\u00e1val). A z\u00e1rol\u00e1s addig tart, am\u00edg az \u00e9rintett \u00e1ltal megjel\u00f6lt indok sz\u00fcks\u00e9gess\u00e9 teszi az adatok t\u00e1rol\u00e1s\u00e1t. Az adat z\u00e1rol\u00e1s\u00e1t k\u00e9rheti az \u00e9rintett p\u00e9ld\u00e1ul abban az esetben, ha \u00fagy gondolja, hogy a beadv\u00e1ny\u00e1t az Adatkezel\u0151 jogellenesen kezelte, azonban az \u00e1ltala kezdem\u00e9nyezett hat\u00f3s\u00e1gi vagy b\u00edr\u00f3s\u00e1gi elj\u00e1r\u00e1s \u00e9rdek\u00e9ben sz\u00fcks\u00e9ges az, hogy a beadv\u00e1nyt az Adatkezel\u0151 ne t\u00f6r\u00f6lje. Ebben az esetben a hat\u00f3s\u00e1g vagy a b\u00edr\u00f3s\u00e1g megkeres\u00e9s\u00e9ig az Adatkezel\u0151 tov\u00e1bb t\u00e1rolja a szem\u00e9lyes adatot (p\u00e9ld\u00e1ul az adott beadv\u00e1nyt), ezt k\u00f6vet\u0151en t\u00f6rli az adatokat.<\/p>\n\n\n\n<p>Az \u00e9rintett jogainak gyakorl\u00e1s\u00e1ra ir\u00e1nyul\u00f3 k\u00e9r\u00e9s teljes\u00edt\u00e9s\u00e9r\u0151l vagy annak akad\u00e1ly\u00e1r\u00f3l adatkezel\u0151 a k\u00e9relem beny\u00fajt\u00e1s\u00e1t\u00f3l sz\u00e1m\u00edtott lehet\u0151 legr\u00f6videbb id\u0151 alatt, legfeljebb azonban harminc napon bel\u00fcl \u00edr\u00e1sban \u00e9rtes\u00edti a k\u00e9relem el\u0151terjeszt\u0151j\u00e9t, a k\u00e9relem elutas\u00edt\u00e1sa eset\u00e9n az elutas\u00edt\u00e1s t\u00e9nybeli \u00e9s jogi indokaival, valamint a jogorvoslati lehet\u0151s\u00e9gekre vonatkoz\u00f3 t\u00e1j\u00e9koztat\u00e1ssal egy\u00fctt.<\/p>\n\n\n\n<p>9. Mindenki, aki \u00fagy v\u00e9li, hogy az Adatkezel\u0151 adatkezel\u00e9se k\u00f6vetkezt\u00e9ben s\u00e9r\u00fcltek a jogai, b\u00edr\u00f3s\u00e1ghoz vagy panasszal a Hat\u00f3s\u00e1ghoz (Nemzeti Adatv\u00e9delmi \u00e9s Inform\u00e1ci\u00f3szabads\u00e1g Hat\u00f3s\u00e1g \u2013 sz\u00e9khelye: 1055 Budapest, Falk Miksa utca 9-11., levelez\u00e9si c\u00edme: 1374 Budapest, Pf. 603.; E-mail: ugyfelszolgalat@naih.hu) fordulhat.<\/p>","protected":false},"excerpt":{"rendered":"<p>Jelen t\u00e1j\u00e9koztat\u00f3 c\u00e9lja, hogy a weboldal felhaszn\u00e1l\u00f3i \u00e1ltal, az oldal haszn\u00e1lata sor\u00e1n megadott \u00e9s a weboldal \u00fczemeltet\u0151je \u00e1ltal kezelt szem\u00e9lyes adatok \u00e9s egy\u00e9b adatok kezel\u00e9s\u00e9re vonatkoz\u00f3 elveket \u00e9s szab\u00e1lyokat meghat\u00e1rozza. A jelen adatkezel\u00e9si t\u00e1j\u00e9koztat\u00f3 a viresz.hu weboldalon a felhaszn\u00e1l\u00f3k \u00e1ltal \u00f6nk\u00e9ntes hozz\u00e1j\u00e1rul\u00e1ssal megadott adatok t\u00e1rol\u00e1s\u00e1ra \u00e9s kezel\u00e9s\u00e9re vonatkozik. A szem\u00e9lyes adatok kezel\u00e9s\u00e9t az adatkezel\u0151 az&#8230; <\/p>\n<div class=\"read-more navbutton\"><a href=\"https:\/\/viresz.hu\/en\/kapcsolat\/adatkezelesi-tajekoztato-2\/\">Read More<i class=\"fa fa-angle-double-right\"><\/i><\/a><\/div>","protected":false},"author":1,"featured_media":228,"parent":17,"menu_order":0,"comment_status":"closed","ping_status":"closed","template":"","meta":{"footnotes":""},"class_list":["post-222","page","type-page","status-publish","has-post-thumbnail","hentry"],"yoast_head":"<!-- This site is optimized with the Yoast SEO plugin v27.5 - https:\/\/yoast.com\/product\/yoast-seo-wordpress\/ -->\n<title>Adatkezel\u00e9si t\u00e1j\u00e9koztat\u00f3 - Viresz Kft.<\/title>\n<meta name=\"robots\" content=\"index, follow, max-snippet:-1, max-image-preview:large, max-video-preview:-1\" \/>\n<link rel=\"canonical\" href=\"https:\/\/viresz.hu\/en\/kapcsolat\/adatkezelesi-tajekoztato-2\/\" \/>\n<meta property=\"og:locale\" content=\"en_GB\" \/>\n<meta property=\"og:type\" content=\"article\" \/>\n<meta property=\"og:title\" content=\"Adatkezel\u00e9si t\u00e1j\u00e9koztat\u00f3 - Viresz Kft.\" \/>\n<meta property=\"og:description\" content=\"Jelen t\u00e1j\u00e9koztat\u00f3 c\u00e9lja, hogy a weboldal felhaszn\u00e1l\u00f3i \u00e1ltal, az oldal haszn\u00e1lata sor\u00e1n megadott \u00e9s a weboldal \u00fczemeltet\u0151je \u00e1ltal kezelt szem\u00e9lyes adatok \u00e9s egy\u00e9b adatok kezel\u00e9s\u00e9re vonatkoz\u00f3 elveket \u00e9s szab\u00e1lyokat meghat\u00e1rozza. A jelen adatkezel\u00e9si t\u00e1j\u00e9koztat\u00f3 a viresz.hu weboldalon a felhaszn\u00e1l\u00f3k \u00e1ltal \u00f6nk\u00e9ntes hozz\u00e1j\u00e1rul\u00e1ssal megadott adatok t\u00e1rol\u00e1s\u00e1ra \u00e9s kezel\u00e9s\u00e9re vonatkozik. A szem\u00e9lyes adatok kezel\u00e9s\u00e9t az adatkezel\u0151 az... Read More\" \/>\n<meta property=\"og:url\" content=\"https:\/\/viresz.hu\/en\/kapcsolat\/adatkezelesi-tajekoztato-2\/\" \/>\n<meta property=\"og:site_name\" content=\"Viresz Kft.\" \/>\n<meta property=\"article:modified_time\" content=\"2023-01-11T16:58:34+00:00\" \/>\n<meta property=\"og:image\" content=\"https:\/\/viresz.hu\/wp-content\/uploads\/2023\/01\/cropped-IMG_4005-scaled-4.jpg\" \/>\n\t<meta property=\"og:image:width\" content=\"1920\" \/>\n\t<meta property=\"og:image:height\" content=\"696\" \/>\n\t<meta property=\"og:image:type\" content=\"image\/jpeg\" \/>\n<meta name=\"twitter:card\" content=\"summary_large_image\" \/>\n<meta name=\"twitter:label1\" content=\"Estimated reading time\" \/>\n\t<meta name=\"twitter:data1\" content=\"7 minutes\" \/>\n<script type=\"application\/ld+json\" class=\"yoast-schema-graph\">{\"@context\":\"https:\\\/\\\/schema.org\",\"@graph\":[{\"@type\":\"WebPage\",\"@id\":\"https:\\\/\\\/viresz.hu\\\/kapcsolat\\\/adatkezelesi-tajekoztato-2\\\/\",\"url\":\"https:\\\/\\\/viresz.hu\\\/kapcsolat\\\/adatkezelesi-tajekoztato-2\\\/\",\"name\":\"Adatkezel\u00e9si t\u00e1j\u00e9koztat\u00f3 - Viresz Kft.\",\"isPartOf\":{\"@id\":\"https:\\\/\\\/viresz.hu\\\/en\\\/#website\"},\"primaryImageOfPage\":{\"@id\":\"https:\\\/\\\/viresz.hu\\\/kapcsolat\\\/adatkezelesi-tajekoztato-2\\\/#primaryimage\"},\"image\":{\"@id\":\"https:\\\/\\\/viresz.hu\\\/kapcsolat\\\/adatkezelesi-tajekoztato-2\\\/#primaryimage\"},\"thumbnailUrl\":\"https:\\\/\\\/viresz.hu\\\/wp-content\\\/uploads\\\/2023\\\/01\\\/cropped-IMG_4005-scaled-4.jpg\",\"datePublished\":\"2023-01-06T21:37:53+00:00\",\"dateModified\":\"2023-01-11T16:58:34+00:00\",\"breadcrumb\":{\"@id\":\"https:\\\/\\\/viresz.hu\\\/kapcsolat\\\/adatkezelesi-tajekoztato-2\\\/#breadcrumb\"},\"inLanguage\":\"en-GB\",\"potentialAction\":[{\"@type\":\"ReadAction\",\"target\":[\"https:\\\/\\\/viresz.hu\\\/kapcsolat\\\/adatkezelesi-tajekoztato-2\\\/\"]}]},{\"@type\":\"ImageObject\",\"inLanguage\":\"en-GB\",\"@id\":\"https:\\\/\\\/viresz.hu\\\/kapcsolat\\\/adatkezelesi-tajekoztato-2\\\/#primaryimage\",\"url\":\"https:\\\/\\\/viresz.hu\\\/wp-content\\\/uploads\\\/2023\\\/01\\\/cropped-IMG_4005-scaled-4.jpg\",\"contentUrl\":\"https:\\\/\\\/viresz.hu\\\/wp-content\\\/uploads\\\/2023\\\/01\\\/cropped-IMG_4005-scaled-4.jpg\",\"width\":1920,\"height\":696},{\"@type\":\"BreadcrumbList\",\"@id\":\"https:\\\/\\\/viresz.hu\\\/kapcsolat\\\/adatkezelesi-tajekoztato-2\\\/#breadcrumb\",\"itemListElement\":[{\"@type\":\"ListItem\",\"position\":1,\"name\":\"Kezd\u0151lap\",\"item\":\"https:\\\/\\\/viresz.hu\\\/\"},{\"@type\":\"ListItem\",\"position\":2,\"name\":\"Kapcsolat\",\"item\":\"https:\\\/\\\/viresz.hu\\\/kapcsolat\\\/\"},{\"@type\":\"ListItem\",\"position\":3,\"name\":\"Adatkezel\u00e9si t\u00e1j\u00e9koztat\u00f3\"}]},{\"@type\":\"WebSite\",\"@id\":\"https:\\\/\\\/viresz.hu\\\/en\\\/#website\",\"url\":\"https:\\\/\\\/viresz.hu\\\/en\\\/\",\"name\":\"Viresz Kft.\",\"description\":\"\",\"publisher\":{\"@id\":\"https:\\\/\\\/viresz.hu\\\/en\\\/#organization\"},\"potentialAction\":[{\"@type\":\"SearchAction\",\"target\":{\"@type\":\"EntryPoint\",\"urlTemplate\":\"https:\\\/\\\/viresz.hu\\\/en\\\/?s={search_term_string}\"},\"query-input\":{\"@type\":\"PropertyValueSpecification\",\"valueRequired\":true,\"valueName\":\"search_term_string\"}}],\"inLanguage\":\"en-GB\"},{\"@type\":\"Organization\",\"@id\":\"https:\\\/\\\/viresz.hu\\\/en\\\/#organization\",\"name\":\"Viresz Kft.\",\"url\":\"https:\\\/\\\/viresz.hu\\\/en\\\/\",\"logo\":{\"@type\":\"ImageObject\",\"inLanguage\":\"en-GB\",\"@id\":\"https:\\\/\\\/viresz.hu\\\/en\\\/#\\\/schema\\\/logo\\\/image\\\/\",\"url\":\"https:\\\/\\\/viresz.hu\\\/wp-content\\\/uploads\\\/2022\\\/11\\\/viresz_web.png\",\"contentUrl\":\"https:\\\/\\\/viresz.hu\\\/wp-content\\\/uploads\\\/2022\\\/11\\\/viresz_web.png\",\"width\":4484,\"height\":1360,\"caption\":\"Viresz Kft.\"},\"image\":{\"@id\":\"https:\\\/\\\/viresz.hu\\\/en\\\/#\\\/schema\\\/logo\\\/image\\\/\"}}]}<\/script>\n<!-- \/ Yoast SEO plugin. -->","yoast_head_json":{"title":"Adatkezel\u00e9si t\u00e1j\u00e9koztat\u00f3 - Viresz Kft.","robots":{"index":"index","follow":"follow","max-snippet":"max-snippet:-1","max-image-preview":"max-image-preview:large","max-video-preview":"max-video-preview:-1"},"canonical":"https:\/\/viresz.hu\/en\/kapcsolat\/adatkezelesi-tajekoztato-2\/","og_locale":"en_GB","og_type":"article","og_title":"Adatkezel\u00e9si t\u00e1j\u00e9koztat\u00f3 - Viresz Kft.","og_description":"Jelen t\u00e1j\u00e9koztat\u00f3 c\u00e9lja, hogy a weboldal felhaszn\u00e1l\u00f3i \u00e1ltal, az oldal haszn\u00e1lata sor\u00e1n megadott \u00e9s a weboldal \u00fczemeltet\u0151je \u00e1ltal kezelt szem\u00e9lyes adatok \u00e9s egy\u00e9b adatok kezel\u00e9s\u00e9re vonatkoz\u00f3 elveket \u00e9s szab\u00e1lyokat meghat\u00e1rozza. A jelen adatkezel\u00e9si t\u00e1j\u00e9koztat\u00f3 a viresz.hu weboldalon a felhaszn\u00e1l\u00f3k \u00e1ltal \u00f6nk\u00e9ntes hozz\u00e1j\u00e1rul\u00e1ssal megadott adatok t\u00e1rol\u00e1s\u00e1ra \u00e9s kezel\u00e9s\u00e9re vonatkozik. A szem\u00e9lyes adatok kezel\u00e9s\u00e9t az adatkezel\u0151 az... Read More","og_url":"https:\/\/viresz.hu\/en\/kapcsolat\/adatkezelesi-tajekoztato-2\/","og_site_name":"Viresz Kft.","article_modified_time":"2023-01-11T16:58:34+00:00","og_image":[{"width":1920,"height":696,"url":"https:\/\/viresz.hu\/wp-content\/uploads\/2023\/01\/cropped-IMG_4005-scaled-4.jpg","type":"image\/jpeg"}],"twitter_card":"summary_large_image","twitter_misc":{"Estimated reading time":"7 minutes"},"schema":{"@context":"https:\/\/schema.org","@graph":[{"@type":"WebPage","@id":"https:\/\/viresz.hu\/kapcsolat\/adatkezelesi-tajekoztato-2\/","url":"https:\/\/viresz.hu\/kapcsolat\/adatkezelesi-tajekoztato-2\/","name":"Adatkezel\u00e9si t\u00e1j\u00e9koztat\u00f3 - Viresz Kft.","isPartOf":{"@id":"https:\/\/viresz.hu\/en\/#website"},"primaryImageOfPage":{"@id":"https:\/\/viresz.hu\/kapcsolat\/adatkezelesi-tajekoztato-2\/#primaryimage"},"image":{"@id":"https:\/\/viresz.hu\/kapcsolat\/adatkezelesi-tajekoztato-2\/#primaryimage"},"thumbnailUrl":"https:\/\/viresz.hu\/wp-content\/uploads\/2023\/01\/cropped-IMG_4005-scaled-4.jpg","datePublished":"2023-01-06T21:37:53+00:00","dateModified":"2023-01-11T16:58:34+00:00","breadcrumb":{"@id":"https:\/\/viresz.hu\/kapcsolat\/adatkezelesi-tajekoztato-2\/#breadcrumb"},"inLanguage":"en-GB","potentialAction":[{"@type":"ReadAction","target":["https:\/\/viresz.hu\/kapcsolat\/adatkezelesi-tajekoztato-2\/"]}]},{"@type":"ImageObject","inLanguage":"en-GB","@id":"https:\/\/viresz.hu\/kapcsolat\/adatkezelesi-tajekoztato-2\/#primaryimage","url":"https:\/\/viresz.hu\/wp-content\/uploads\/2023\/01\/cropped-IMG_4005-scaled-4.jpg","contentUrl":"https:\/\/viresz.hu\/wp-content\/uploads\/2023\/01\/cropped-IMG_4005-scaled-4.jpg","width":1920,"height":696},{"@type":"BreadcrumbList","@id":"https:\/\/viresz.hu\/kapcsolat\/adatkezelesi-tajekoztato-2\/#breadcrumb","itemListElement":[{"@type":"ListItem","position":1,"name":"Kezd\u0151lap","item":"https:\/\/viresz.hu\/"},{"@type":"ListItem","position":2,"name":"Kapcsolat","item":"https:\/\/viresz.hu\/kapcsolat\/"},{"@type":"ListItem","position":3,"name":"Adatkezel\u00e9si t\u00e1j\u00e9koztat\u00f3"}]},{"@type":"WebSite","@id":"https:\/\/viresz.hu\/en\/#website","url":"https:\/\/viresz.hu\/en\/","name":"Viresz Kft.","description":"","publisher":{"@id":"https:\/\/viresz.hu\/en\/#organization"},"potentialAction":[{"@type":"SearchAction","target":{"@type":"EntryPoint","urlTemplate":"https:\/\/viresz.hu\/en\/?s={search_term_string}"},"query-input":{"@type":"PropertyValueSpecification","valueRequired":true,"valueName":"search_term_string"}}],"inLanguage":"en-GB"},{"@type":"Organization","@id":"https:\/\/viresz.hu\/en\/#organization","name":"Viresz Kft.","url":"https:\/\/viresz.hu\/en\/","logo":{"@type":"ImageObject","inLanguage":"en-GB","@id":"https:\/\/viresz.hu\/en\/#\/schema\/logo\/image\/","url":"https:\/\/viresz.hu\/wp-content\/uploads\/2022\/11\/viresz_web.png","contentUrl":"https:\/\/viresz.hu\/wp-content\/uploads\/2022\/11\/viresz_web.png","width":4484,"height":1360,"caption":"Viresz Kft."},"image":{"@id":"https:\/\/viresz.hu\/en\/#\/schema\/logo\/image\/"}}]}},"_links":{"self":[{"href":"https:\/\/viresz.hu\/en\/wp-json\/wp\/v2\/pages\/222","targetHints":{"allow":["GET"]}}],"collection":[{"href":"https:\/\/viresz.hu\/en\/wp-json\/wp\/v2\/pages"}],"about":[{"href":"https:\/\/viresz.hu\/en\/wp-json\/wp\/v2\/types\/page"}],"author":[{"embeddable":true,"href":"https:\/\/viresz.hu\/en\/wp-json\/wp\/v2\/users\/1"}],"replies":[{"embeddable":true,"href":"https:\/\/viresz.hu\/en\/wp-json\/wp\/v2\/comments?post=222"}],"version-history":[{"count":5,"href":"https:\/\/viresz.hu\/en\/wp-json\/wp\/v2\/pages\/222\/revisions"}],"predecessor-version":[{"id":351,"href":"https:\/\/viresz.hu\/en\/wp-json\/wp\/v2\/pages\/222\/revisions\/351"}],"up":[{"embeddable":true,"href":"https:\/\/viresz.hu\/en\/wp-json\/wp\/v2\/pages\/17"}],"wp:featuredmedia":[{"embeddable":true,"href":"https:\/\/viresz.hu\/en\/wp-json\/wp\/v2\/media\/228"}],"wp:attachment":[{"href":"https:\/\/viresz.hu\/en\/wp-json\/wp\/v2\/media?parent=222"}],"curies":[{"name":"wp","href":"https:\/\/api.w.org\/{rel}","templated":true}]}}